{"id":10148,"date":"2026-02-05T07:59:53","date_gmt":"2026-02-05T07:59:53","guid":{"rendered":"https:\/\/leadergastrikebygden.se\/?post_type=projekt&#038;p=10148"},"modified":"2026-02-05T08:38:03","modified_gmt":"2026-02-05T08:38:03","slug":"tillsammans-for-trodjean","status":"publish","type":"projekt","link":"https:\/\/leadergastrikebygden.se\/en\/projekt\/tillsammans-for-trodjean\/","title":{"rendered":"Together for Tr\u00f6dje\u00e5n"},"content":{"rendered":"<p>[et_pb_section fb_built=&#8221;1&#8243; _builder_version=&#8221;4.18.1&#8243; _module_preset=&#8221;default&#8221; custom_margin=&#8221;0px|0px|0px|0px|false|false&#8221; custom_padding=&#8221;0px|0px|0px|0px|false|false&#8221; locked=&#8221;off&#8221; global_colors_info=&#8221;{}&#8221;][et_pb_row column_structure=&#8221;1_2,1_2&#8243; use_custom_gutter=&#8221;on&#8221; gutter_width=&#8221;1&#8243; make_equal=&#8221;on&#8221; _builder_version=&#8221;4.19.4&#8243; _module_preset=&#8221;default&#8221; width=&#8221;100%&#8221; max_width=&#8221;100%&#8221; custom_margin=&#8221;0px|0px|0px|0px|false|false&#8221; custom_padding=&#8221;0px|0px|0px|0px|false|false&#8221; global_colors_info=&#8221;{}&#8221;][et_pb_column type=&#8221;1_2&#8243; _builder_version=&#8221;4.18.1&#8243; _module_preset=&#8221;default&#8221; background_color=&#8221;#4D5A31&#8243; background_image=&#8221;https:\/\/leadergastrikebygden.se\/wp-content\/uploads\/sites\/35\/2022\/12\/leaf.png&#8221; background_size=&#8221;custom&#8221; background_image_width=&#8221;300px&#8221; background_position=&#8221;bottom_left&#8221; background_horizontal_offset=&#8221;-100px&#8221; background_vertical_offset=&#8221;-350px&#8221; custom_padding=&#8221;120px|40px|120px|120px|false|false&#8221; custom_padding_tablet=&#8221;100px|40px|100px|80px|false|false&#8221; custom_padding_phone=&#8221;80px|40px|80px|40px|false|false&#8221; background_last_edited=&#8221;on|desktop&#8221; background_size_tablet=&#8221;custom&#8221; background_image_width_tablet=&#8221;220px&#8221; background_image_width_phone=&#8221;240px&#8221; background_position_tablet=&#8221;top_left&#8221; background_position_phone=&#8221;bottom_left&#8221; background_horizontal_offset_tablet=&#8221;-30px&#8221; background_horizontal_offset_phone=&#8221;-80px&#8221; background_vertical_offset_tablet=&#8221;220px&#8221; background_vertical_offset_phone=&#8221;-260px&#8221; global_colors_info=&#8221;{}&#8221; custom_css_main_element_last_edited=&#8221;off|desktop&#8221;][et_pb_text _builder_version=&#8221;4.27.4&#8243; _module_preset=&#8221;default&#8221; header_font=&#8221;Oswald|500||on|||||&#8221; header_text_color=&#8221;#DDE5DA&#8221; header_font_size=&#8221;56px&#8221; max_width_tablet=&#8221;&#8221; max_width_phone=&#8221;&#8221; max_width_last_edited=&#8221;on|desktop&#8221; header_font_size_tablet=&#8221;52px&#8221; header_font_size_phone=&#8221;48px&#8221; global_colors_info=&#8221;{}&#8221;]<\/p>\n<h1>Tillsammans f\u00f6r Tr\u00f6dje\u00e5n<\/h1>\n<p>[\/et_pb_text][et_pb_text _builder_version=&#8221;4.27.4&#8243; _module_preset=&#8221;85ddcd9a-bba9-4dcd-9673-e023bb3f643a&#8221; max_width=&#8221;480px&#8221; global_colors_info=&#8221;{}&#8221;][\/et_pb_text][\/et_pb_column][et_pb_column type=&#8221;1_2&#8243; _builder_version=&#8221;4.19.4&#8243; _dynamic_attributes=&#8221;background_image&#8221; _module_preset=&#8221;default&#8221; background_color=&#8221;#A8C082&#8243; background_image=&#8221;@ET-DC@eyJkeW5hbWljIjp0cnVlLCJjb250ZW50IjoicG9zdF9mZWF0dXJlZF9pbWFnZSIsInNldHRpbmdzIjp7ImVuYWJsZV9odG1sIjoib2ZmIn19@&#8221; custom_padding=&#8221;0px|0px|0px|0px|false|false&#8221; custom_padding_last_edited=&#8221;off|desktop&#8221; global_colors_info=&#8221;{}&#8221;][\/et_pb_column][\/et_pb_row][\/et_pb_section][et_pb_section fb_built=&#8221;1&#8243; custom_padding_last_edited=&#8221;on|tablet&#8221; _builder_version=&#8221;4.19.4&#8243; _module_preset=&#8221;default&#8221; custom_padding=&#8221;||0px||false|false&#8221; custom_padding_tablet=&#8221;0px||0px||false|false&#8221; custom_padding_phone=&#8221;0px||0px||false|false&#8221; locked=&#8221;off&#8221; global_colors_info=&#8221;{}&#8221;][et_pb_row column_structure=&#8221;2_5,3_5&#8243; _builder_version=&#8221;4.19.4&#8243; _module_preset=&#8221;default&#8221; global_colors_info=&#8221;{}&#8221;][et_pb_column type=&#8221;2_5&#8243; _builder_version=&#8221;4.19.4&#8243; _module_preset=&#8221;default&#8221; global_colors_info=&#8221;{}&#8221;][et_pb_text _builder_version=&#8221;4.19.4&#8243; _module_preset=&#8221;default&#8221; custom_padding=&#8221;||||false|false&#8221; global_colors_info=&#8221;{}&#8221;]<\/p>\n<h2>Om projektet<\/h2>\n<p>[\/et_pb_text][\/et_pb_column][et_pb_column type=&#8221;3_5&#8243; _builder_version=&#8221;4.19.4&#8243; _module_preset=&#8221;default&#8221; custom_padding_tablet=&#8221;0px|30px|0px|30px|false|false&#8221; global_colors_info=&#8221;{}&#8221;][et_pb_text _builder_version=&#8221;4.27.4&#8243; _module_preset=&#8221;default&#8221; global_colors_info=&#8221;{}&#8221;]<\/p>\n<p>Tr\u00f6dje\u00e5n har historiskt utsatts f\u00f6r negativt p\u00e5verkan av m\u00e4nsklig aktivitet. Det har framf\u00f6r allt best\u00e5tt av omfattande dikning av \u00e5n, skogsmarker och v\u00e5tmarker i stora delar av \u00e5ns avrinningsomr\u00e5de. \u00c5f\u00e5ran har rensats fr\u00e5n sten och block f\u00f6r att p\u00e5skynda vattenavrinningen. Detta har lett till att livsmilj\u00f6n f\u00f6r vattenlevande organismer har f\u00f6rs\u00e4mrats. En art som i synnerhet drabbats \u00e4r \u00f6ringen.<\/p>\n<p>Projektet ska g\u00f6ra fiskfr\u00e4mjande \u00e5tg\u00e4rderna genom att \u00f6ppna upp en fiskpassage genom en damm vid en \u00e4ldre s\u00e5g samt anl\u00e4gga nya lekb\u00e4ddar f\u00f6r att st\u00e4rka havs\u00f6ringens m\u00f6jlighet till reproduktion.<\/p>\n<p>P\u00e5 en str\u00e4cka av ca 400 meter ska nya lekb\u00e4ddar skapas av elever p\u00e5 Tr\u00f6dje skola och Realgymnasiet i G\u00e4vle tillsammans med sportfiskarnas projektledare och fiskev\u00e5rdsomr\u00e5desf\u00f6reningen.\u00a0<\/p>\n<p>Projektet ska ocks\u00e5 ordna en folkbildningsdag d\u00e4r allm\u00e4nheten bjuds in till att bland annat bedriva fiskev\u00e5rd vid \u00e5n.\u00a0<\/p>\n<p>&nbsp;<\/p>\n<p>[\/et_pb_text][\/et_pb_column][\/et_pb_row][\/et_pb_section][et_pb_section fb_built=&#8221;1&#8243; custom_padding_last_edited=&#8221;on|tablet&#8221; _builder_version=&#8221;4.19.4&#8243; _module_preset=&#8221;default&#8221; custom_padding=&#8221;||0px||false|false&#8221; custom_padding_tablet=&#8221;0px||0px||false|false&#8221; custom_padding_phone=&#8221;0px||0px||false|false&#8221; locked=&#8221;off&#8221; global_colors_info=&#8221;{}&#8221;][et_pb_row column_structure=&#8221;1_2,1_2&#8243; _builder_version=&#8221;4.19.4&#8243; _module_preset=&#8221;f5fa9002-e1ac-46a1-bbe6-abcf9e7f7c4e&#8221; background_color=&#8221;#0C4160&#8243; custom_css_main_element=&#8221;display: flex;&#8221; locked=&#8221;off&#8221; global_colors_info=&#8221;{}&#8221; custom_css_main_element_tablet=&#8221;display: block&#8221;][et_pb_column type=&#8221;1_2&#8243; _builder_version=&#8221;4.18.1&#8243; _module_preset=&#8221;46324cd7-25ce-45c8-b351-a4d0778ffc36&#8243; custom_padding=&#8221;0px|0px|0px|0px|false|false&#8221; custom_padding_tablet=&#8221;0px|0px|0px|0px|false|false&#8221; custom_padding_phone=&#8221;0px|0px|30px|0px|false|false&#8221; custom_padding_last_edited=&#8221;on|phone&#8221; global_colors_info=&#8221;{}&#8221;][et_pb_gallery gallery_ids=&#8221;10144&#8243; fullwidth=&#8221;on&#8221; _builder_version=&#8221;4.27.4&#8243; _module_preset=&#8221;default&#8221; title_text_color=&#8221;#FFFFFF&#8221; pagination_text_color=&#8221;#FFFFFF&#8221; global_colors_info=&#8221;{}&#8221;][\/et_pb_gallery][\/et_pb_column][et_pb_column type=&#8221;1_2&#8243; _builder_version=&#8221;4.19.4&#8243; _module_preset=&#8221;46324cd7-25ce-45c8-b351-a4d0778ffc36&#8243; custom_padding=&#8221;40px|40px||40px|false|false&#8221; custom_padding_tablet=&#8221;30px|30px||30px|false|false&#8221; custom_padding_phone=&#8221;0px|0px||0px|false|false&#8221; custom_padding_last_edited=&#8221;on|phone&#8221; custom_css_main_element=&#8221;display: flex;||flex-direction: column;||justify-content: center;&#8221; global_colors_info=&#8221;{}&#8221; custom_css_main_element_tablet=&#8221;display: block;&#8221; custom_css_main_element_phone=&#8221;display: block;&#8221;][et_pb_text _builder_version=&#8221;4.27.4&#8243; _module_preset=&#8221;85ddcd9a-bba9-4dcd-9673-e023bb3f643a&#8221; text_font=&#8221;Oswald|500||on|||||&#8221; text_font_size_tablet=&#8221;14px&#8221; text_font_size_phone=&#8221;12px&#8221; text_font_size_last_edited=&#8221;on|phone&#8221; global_colors_info=&#8221;{}&#8221;]<\/p>\n<p>Ur ans\u00f6kan<\/p>\n<p>[\/et_pb_text][et_pb_text _builder_version=&#8221;4.27.4&#8243; _module_preset=&#8221;85ddcd9a-bba9-4dcd-9673-e023bb3f643a&#8221; global_colors_info=&#8221;{}&#8221;]<\/p>\n<p>I samband med att eleverna fr\u00e5n Tr\u00f6dje skola anl\u00e4gger lekb\u00e4ddar kommer de att f\u00e5 ta del av sportfiskarnas koncept &#8221;Skolb\u00e4cken&#8221;. Det \u00e4r ett utomhuspedagogiskt koncept d\u00e4r eleverna f\u00e5r en unik m\u00f6jlighet att i direkt anslutning till vattnet f\u00e5 l\u00e4ra sig om dess inv\u00e5nare och dess ekologi. Skolb\u00e4cken ska \u00e4ven ses som en fortbildning f\u00f6r deltagande pedagoger som ges m\u00f6jlighet att \u00f6ka sin kunskap och f\u00e5 inspiration f\u00f6r att kunna \u00e5teruppta sina bes\u00f6k vid \u00e5n \u00e4ven efter projektets slut.<\/p>\n<p>Det beh\u00f6vs mer friluftsliv i skolan och behovet av meningsfulla aktiviteter i naturen f\u00f6r barn blir allt st\u00f6rre i en allt mer digitaliserad tillvaro.<\/p>\n<p>Realgymnasiet har en nystartad kurs som heter fiske- och vattenv\u00e5rd och har s\u00f6kt omr\u00e5den d\u00e4r eleverna kan utf\u00f6ra praktisk fiskev\u00e5rd. Detta \u00e4r ett behov vi \u00e4mnar tillgodose inom projektet. Ut\u00f6ver att eleverna f\u00e5r utf\u00f6ra praktisk fiskev\u00e5rd kommer de att utbildas och en plan f\u00f6r fortsatt samarbete kring Tr\u00f6dje\u00e5n kommer att arbetas fram.<\/p>\n<p>F\u00f6rhoppningen \u00e4r att \u00e5n kan bli en pedagogisk arena f\u00f6r barn och ungdomar i alla \u00e5ldrar.<\/p>\n<p>[\/et_pb_text][\/et_pb_column][\/et_pb_row][\/et_pb_section][et_pb_section fb_built=&#8221;1&#8243; custom_padding_last_edited=&#8221;on|tablet&#8221; _builder_version=&#8221;4.19.4&#8243; _module_preset=&#8221;default&#8221; custom_padding=&#8221;||||false|false&#8221; custom_padding_tablet=&#8221;0px||||false|false&#8221; custom_padding_phone=&#8221;0px||||false|false&#8221; locked=&#8221;off&#8221; global_colors_info=&#8221;{}&#8221;][et_pb_row column_structure=&#8221;1_2,1_2&#8243; custom_padding_last_edited=&#8221;on|tablet&#8221; _builder_version=&#8221;4.19.4&#8243; _module_preset=&#8221;default&#8221; custom_padding_tablet=&#8221;0px||||false|false&#8221; custom_padding_phone=&#8221;0px||||false|false&#8221; global_colors_info=&#8221;{}&#8221;][et_pb_column type=&#8221;1_2&#8243; _builder_version=&#8221;4.19.4&#8243; _module_preset=&#8221;default&#8221; global_colors_info=&#8221;{}&#8221;][et_pb_text _builder_version=&#8221;4.27.4&#8243; _module_preset=&#8221;default&#8221; global_colors_info=&#8221;{}&#8221;]<\/p>\n<h2>Syfte och m\u00e5l med projektet<\/h2>\n<p>[\/et_pb_text][et_pb_text _builder_version=&#8221;4.27.4&#8243; _module_preset=&#8221;default&#8221; global_colors_info=&#8221;{}&#8221;]<\/p>\n<p>Syftet med insatsen \u00e4r att tillg\u00e4ngligg\u00f6ra, \u00e5terskapa och f\u00f6rst\u00e4rka akvatiska ekosystem samt att st\u00e4rka det lokala engagemanget f\u00f6r arbetet i och kring Tr\u00f6dje\u00e5n.<\/p>\n<p><span class=\"fontstyle0\">M\u00e5let med projektet \u00e4r fem iordningsst\u00e4llda lekb\u00e4ddar och ett \u00e5tg\u00e4rdat vandringshinder vid s\u00e5gen. Projektet har ocks\u00e5 som m\u00e5l att genomf\u00f6ra den utomhuspedagogiska aktiviteten \u201dskolb\u00e4cken\u201d samt att anordna en fiskev\u00e5rdsdag f\u00f6r allm\u00e4nheten<\/span> <\/p>\n<p>[\/et_pb_text][\/et_pb_column][et_pb_column type=&#8221;1_2&#8243; _builder_version=&#8221;4.19.4&#8243; _module_preset=&#8221;default&#8221; global_colors_info=&#8221;{}&#8221;][et_pb_image src=&#8221;https:\/\/leadergastrikebygden.se\/wp-content\/uploads\/sites\/35\/2023\/01\/Skarmbild-2026-02-05-090630.jpg&#8221; title_text=&#8221;\u00d6versikt \u00e5n &#8221; _builder_version=&#8221;4.27.4&#8243; _module_preset=&#8221;default&#8221; global_colors_info=&#8221;{}&#8221;][\/et_pb_image][\/et_pb_column][\/et_pb_row][\/et_pb_section][et_pb_section fb_built=&#8221;1&#8243; custom_padding_last_edited=&#8221;on|tablet&#8221; _builder_version=&#8221;4.19.4&#8243; _module_preset=&#8221;default&#8221; background_color=&#8221;#DDE5DA&#8221; custom_padding=&#8221;0px||0px||false|false&#8221; custom_padding_tablet=&#8221;0px||0px||false|false&#8221; custom_padding_phone=&#8221;0px||0px||false|false&#8221; locked=&#8221;off&#8221; global_colors_info=&#8221;{}&#8221;][et_pb_row column_structure=&#8221;1_3,1_3,1_3&#8243; _builder_version=&#8221;4.19.4&#8243; _module_preset=&#8221;default&#8221; global_colors_info=&#8221;{}&#8221;][et_pb_column type=&#8221;1_3&#8243; _builder_version=&#8221;4.19.4&#8243; _module_preset=&#8221;default&#8221; global_colors_info=&#8221;{}&#8221;][et_pb_text _builder_version=&#8221;4.19.4&#8243; _module_preset=&#8221;c04db86c-e499-4427-86fb-2307eaad8705&#8243; text_font=&#8221;Oswald|500||on|||||&#8221; text_text_color=&#8221;#4D5A31&#8243; text_font_size_tablet=&#8221;14px&#8221; text_font_size_phone=&#8221;12px&#8221; text_font_size_last_edited=&#8221;on|phone&#8221; locked=&#8221;off&#8221; global_colors_info=&#8221;{}&#8221;]<\/p>\n<p>Om projektet<\/p>\n<p>[\/et_pb_text][et_pb_text _builder_version=&#8221;4.27.4&#8243; _module_preset=&#8221;default&#8221; custom_margin=&#8221;20px||20px||false|false&#8221; global_colors_info=&#8221;{}&#8221;]<\/p>\n<p><strong>Projektperiod<br \/><\/strong>2026 &#8211; 2027<\/p>\n<p>[\/et_pb_text][et_pb_text _builder_version=&#8221;4.27.4&#8243; _module_preset=&#8221;default&#8221; custom_margin=&#8221;20px||20px||false|false&#8221; global_colors_info=&#8221;{}&#8221;]<\/p>\n<p><strong>Projekt\u00e4gare<br \/><\/strong>Sportfiskarnas regionkontor i G\u00e4vle <\/p>\n<p>[\/et_pb_text][et_pb_text _builder_version=&#8221;4.27.4&#8243; _module_preset=&#8221;default&#8221; custom_margin=&#8221;20px||20px||false|false&#8221; link_option_url=&#8221;https:\/\/www.sportfiskarna.se\/&#8221; link_option_url_new_window=&#8221;on&#8221; global_colors_info=&#8221;{}&#8221;]<\/p>\n<p><strong>Webb och sociala medier<br \/><\/strong>Sportfiskarna.se<\/p>\n<p>[\/et_pb_text][\/et_pb_column][et_pb_column type=&#8221;1_3&#8243; _builder_version=&#8221;4.19.4&#8243; _module_preset=&#8221;default&#8221; global_colors_info=&#8221;{}&#8221;][et_pb_text _builder_version=&#8221;4.27.4&#8243; _module_preset=&#8221;c04db86c-e499-4427-86fb-2307eaad8705&#8243; text_font=&#8221;Oswald|500||on|||||&#8221; text_text_color=&#8221;#4D5A31&#8243; text_font_size_tablet=&#8221;14px&#8221; text_font_size_phone=&#8221;12px&#8221; text_font_size_last_edited=&#8221;on|phone&#8221; locked=&#8221;off&#8221; global_colors_info=&#8221;{}&#8221;]<\/p>\n<p>Insatsomr\u00e5de<\/p>\n<p>[\/et_pb_text][et_pb_text _builder_version=&#8221;4.27.4&#8243; _module_preset=&#8221;default&#8221; custom_margin=&#8221;20px||20px||false|false&#8221; global_colors_info=&#8221;{}&#8221;]<\/p>\n<p>St\u00e4rk platsen!<\/p>\n<p>[\/et_pb_text][\/et_pb_column][et_pb_column type=&#8221;1_3&#8243; _builder_version=&#8221;4.19.4&#8243; _module_preset=&#8221;default&#8221; global_colors_info=&#8221;{}&#8221;][et_pb_text _builder_version=&#8221;4.19.4&#8243; _module_preset=&#8221;c04db86c-e499-4427-86fb-2307eaad8705&#8243; text_font=&#8221;Oswald|500||on|||||&#8221; text_text_color=&#8221;#4D5A31&#8243; text_font_size_tablet=&#8221;14px&#8221; text_font_size_phone=&#8221;12px&#8221; text_font_size_last_edited=&#8221;on|phone&#8221; locked=&#8221;off&#8221; global_colors_info=&#8221;{}&#8221;]<\/p>\n<p>Om finansiering<\/p>\n<p>[\/et_pb_text][et_pb_text _builder_version=&#8221;4.27.4&#8243; _module_preset=&#8221;default&#8221; custom_margin=&#8221;20px||20px||false|false&#8221; global_colors_info=&#8221;{}&#8221;]<\/p>\n<p><strong>Beviljat leaderst\u00f6d<br \/><\/strong>574 281 kronor<\/p>\n<p>[\/et_pb_text][et_pb_text _builder_version=&#8221;4.27.4&#8243; _module_preset=&#8221;default&#8221; custom_margin=&#8221;20px||20px||false|false&#8221; locked=&#8221;off&#8221; global_colors_info=&#8221;{}&#8221;]<\/p>\n<p><strong>Egen insats<\/strong><\/p>\n<div>\n<div>Ideell tid till ett v\u00e4rde av 102 000 kronor. Ut\u00f6ver detta kommer barn, ungdomar och pedagoger att l\u00e4gga cirka 200 timmar i projektet.<\/div>\n<\/div>\n<div class=\"et_pb_module et_pb_text et_pb_text_15  et_pb_text_align_left et_pb_bg_layout_light\">\n<div class=\"et_pb_text_inner\"><\/div>\n<div class=\"et_pb_text_inner\">Leaderst\u00f6det best\u00e5r av finansiering fr\u00e5n EU samt G\u00e4striklands kommuner och Region G\u00e4vleborg.<\/div>\n<\/div>\n<p>[\/et_pb_text][et_pb_text _builder_version=&#8221;4.19.4&#8243; _module_preset=&#8221;default&#8221; custom_margin=&#8221;20px||20px||false|false&#8221; global_colors_info=&#8221;{}&#8221;]<\/p>\n<p><b>Ing\u00e5ende EU-medel har beviljats ur:<br \/><\/b>Landsbygdsfonden<\/p>\n<p>[\/et_pb_text][et_pb_image src=&#8221;https:\/\/leadergastrikebygden.se\/wp-content\/uploads\/sites\/35\/2022\/12\/Medfinansieras_BlaGul_350x300.png&#8221; title_text=&#8221;Medfinansieras_BlaGul_350x300&#8243; _builder_version=&#8221;4.19.4&#8243; _module_preset=&#8221;default&#8221; max_width=&#8221;120px&#8221; global_colors_info=&#8221;{}&#8221;][\/et_pb_image][\/et_pb_column][\/et_pb_row][\/et_pb_section]<\/p>\n","protected":false},"excerpt":{"rendered":"<p>Projektet ska tillg\u00e4ngligg\u00f6ra, \u00e5terskapa och f\u00f6rst\u00e4rka akvatiska ekosystem samt att st\u00e4rka det lokala engagemanget f\u00f6r arbetet i och kring Tr\u00f6dje\u00e5n.<\/p>","protected":false},"featured_media":10146,"template":"","meta":{"_acf_changed":false,"_et_pb_use_builder":"on","_et_pb_old_content":"","_et_gb_content_width":"","_links_to":"","_links_to_target":""},"sokbara_stod":[28],"projektstatus":[27],"plats_for_genomforande":[31],"insatsomrade":[18],"temaomrade":[],"projektagare":[20],"projekttyp":[21],"programperiod":[22],"genomforandear":[45,46],"class_list":["post-10148","projekt","type-projekt","status-publish","has-post-thumbnail","hentry","sokbara_stod-projektstod","projektstatus-pagaende","plats_for_genomforande-gavle-kommun","insatsomrade-stark-platsen","projektagare-ideell-forening","projekttyp-projektstod","programperiod-2023-2027","genomforandear-45","genomforandear-46"],"acf":[],"yoast_head":"<!-- This site is optimized with the Yoast SEO plugin v28.2 - https:\/\/yoast.com\/product\/yoast-seo-wordpress\/ -->\n<title>Tillsammans f\u00f6r Tr\u00f6dje\u00e5n - Leader G\u00e4strikebygden<\/title>\n<meta name=\"robots\" content=\"index, follow, max-snippet:-1, max-image-preview:large, max-video-preview:-1\" \/>\n<link rel=\"canonical\" href=\"https:\/\/leadergastrikebygden.se\/en\/projekt\/tillsammans-for-trodjean\/\" \/>\n<meta property=\"og:locale\" content=\"en_US\" \/>\n<meta property=\"og:type\" content=\"article\" \/>\n<meta property=\"og:title\" content=\"Tillsammans f\u00f6r Tr\u00f6dje\u00e5n - Leader G\u00e4strikebygden\" \/>\n<meta property=\"og:description\" content=\"Projektet ska tillg\u00e4ngligg\u00f6ra, \u00e5terskapa och f\u00f6rst\u00e4rka akvatiska ekosystem samt att st\u00e4rka det lokala engagemanget f\u00f6r arbetet i och kring Tr\u00f6dje\u00e5n.\" \/>\n<meta property=\"og:url\" content=\"https:\/\/leadergastrikebygden.se\/en\/projekt\/tillsammans-for-trodjean\/\" \/>\n<meta property=\"og:site_name\" content=\"Leader G\u00e4strikebygden\" \/>\n<meta property=\"article:modified_time\" content=\"2026-02-05T08:38:03+00:00\" \/>\n<meta property=\"og:image\" content=\"https:\/\/leadergastrikebygden.se\/wp-content\/uploads\/sites\/35\/2026\/02\/20221004_103852-002-scaled.jpg\" \/>\n\t<meta property=\"og:image:width\" content=\"2560\" \/>\n\t<meta property=\"og:image:height\" content=\"1920\" \/>\n\t<meta property=\"og:image:type\" content=\"image\/jpeg\" \/>\n<meta name=\"twitter:card\" content=\"summary_large_image\" \/>\n<meta name=\"twitter:label1\" content=\"Est. reading time\" \/>\n\t<meta name=\"twitter:data1\" content=\"3 minutes\" \/>\n<script type=\"application\/ld+json\" class=\"yoast-schema-graph\">{\"@context\":\"https:\\\/\\\/schema.org\",\"@graph\":[{\"@type\":\"WebPage\",\"@id\":\"https:\\\/\\\/leadergastrikebygden.se\\\/projekt\\\/tillsammans-for-trodjean\\\/\",\"url\":\"https:\\\/\\\/leadergastrikebygden.se\\\/projekt\\\/tillsammans-for-trodjean\\\/\",\"name\":\"Tillsammans f\u00f6r Tr\u00f6dje\u00e5n - Leader G\u00e4strikebygden\",\"isPartOf\":{\"@id\":\"https:\\\/\\\/leadergastrikebygden.se\\\/#website\"},\"primaryImageOfPage\":{\"@id\":\"https:\\\/\\\/leadergastrikebygden.se\\\/projekt\\\/tillsammans-for-trodjean\\\/#primaryimage\"},\"image\":{\"@id\":\"https:\\\/\\\/leadergastrikebygden.se\\\/projekt\\\/tillsammans-for-trodjean\\\/#primaryimage\"},\"thumbnailUrl\":\"https:\\\/\\\/leadergastrikebygden.se\\\/wp-content\\\/uploads\\\/sites\\\/35\\\/2026\\\/02\\\/20221004_103852-002-scaled.jpg\",\"datePublished\":\"2026-02-05T07:59:53+00:00\",\"dateModified\":\"2026-02-05T08:38:03+00:00\",\"breadcrumb\":{\"@id\":\"https:\\\/\\\/leadergastrikebygden.se\\\/projekt\\\/tillsammans-for-trodjean\\\/#breadcrumb\"},\"inLanguage\":\"en-US\",\"potentialAction\":[{\"@type\":\"ReadAction\",\"target\":[\"https:\\\/\\\/leadergastrikebygden.se\\\/projekt\\\/tillsammans-for-trodjean\\\/\"]}]},{\"@type\":\"ImageObject\",\"inLanguage\":\"en-US\",\"@id\":\"https:\\\/\\\/leadergastrikebygden.se\\\/projekt\\\/tillsammans-for-trodjean\\\/#primaryimage\",\"url\":\"https:\\\/\\\/leadergastrikebygden.se\\\/wp-content\\\/uploads\\\/sites\\\/35\\\/2026\\\/02\\\/20221004_103852-002-scaled.jpg\",\"contentUrl\":\"https:\\\/\\\/leadergastrikebygden.se\\\/wp-content\\\/uploads\\\/sites\\\/35\\\/2026\\\/02\\\/20221004_103852-002-scaled.jpg\",\"width\":2560,\"height\":1920},{\"@type\":\"BreadcrumbList\",\"@id\":\"https:\\\/\\\/leadergastrikebygden.se\\\/projekt\\\/tillsammans-for-trodjean\\\/#breadcrumb\",\"itemListElement\":[{\"@type\":\"ListItem\",\"position\":1,\"name\":\"Hem\",\"item\":\"https:\\\/\\\/leadergastrikebygden.se\\\/\"},{\"@type\":\"ListItem\",\"position\":2,\"name\":\"Tillsammans f\u00f6r Tr\u00f6dje\u00e5n\"}]},{\"@type\":\"WebSite\",\"@id\":\"https:\\\/\\\/leadergastrikebygden.se\\\/#website\",\"url\":\"https:\\\/\\\/leadergastrikebygden.se\\\/\",\"name\":\"Leader G\u00e4strikebygden\",\"description\":\"\",\"potentialAction\":[{\"@type\":\"SearchAction\",\"target\":{\"@type\":\"EntryPoint\",\"urlTemplate\":\"https:\\\/\\\/leadergastrikebygden.se\\\/?s={search_term_string}\"},\"query-input\":{\"@type\":\"PropertyValueSpecification\",\"valueRequired\":true,\"valueName\":\"search_term_string\"}}],\"inLanguage\":\"en-US\"}]}<\/script>\n<!-- \/ Yoast SEO plugin. -->","yoast_head_json":{"title":"Tillsammans f\u00f6r Tr\u00f6dje\u00e5n - Leader G\u00e4strikebygden","robots":{"index":"index","follow":"follow","max-snippet":"max-snippet:-1","max-image-preview":"max-image-preview:large","max-video-preview":"max-video-preview:-1"},"canonical":"https:\/\/leadergastrikebygden.se\/en\/projekt\/tillsammans-for-trodjean\/","og_locale":"en_US","og_type":"article","og_title":"Tillsammans f\u00f6r Tr\u00f6dje\u00e5n - Leader G\u00e4strikebygden","og_description":"Projektet ska tillg\u00e4ngligg\u00f6ra, \u00e5terskapa och f\u00f6rst\u00e4rka akvatiska ekosystem samt att st\u00e4rka det lokala engagemanget f\u00f6r arbetet i och kring Tr\u00f6dje\u00e5n.","og_url":"https:\/\/leadergastrikebygden.se\/en\/projekt\/tillsammans-for-trodjean\/","og_site_name":"Leader G\u00e4strikebygden","article_modified_time":"2026-02-05T08:38:03+00:00","og_image":[{"width":2560,"height":1920,"url":"https:\/\/leadergastrikebygden.se\/wp-content\/uploads\/sites\/35\/2026\/02\/20221004_103852-002-scaled.jpg","type":"image\/jpeg"}],"twitter_card":"summary_large_image","twitter_misc":{"Est. reading time":"3 minutes"},"schema":{"@context":"https:\/\/schema.org","@graph":[{"@type":"WebPage","@id":"https:\/\/leadergastrikebygden.se\/projekt\/tillsammans-for-trodjean\/","url":"https:\/\/leadergastrikebygden.se\/projekt\/tillsammans-for-trodjean\/","name":"Tillsammans f\u00f6r Tr\u00f6dje\u00e5n - Leader G\u00e4strikebygden","isPartOf":{"@id":"https:\/\/leadergastrikebygden.se\/#website"},"primaryImageOfPage":{"@id":"https:\/\/leadergastrikebygden.se\/projekt\/tillsammans-for-trodjean\/#primaryimage"},"image":{"@id":"https:\/\/leadergastrikebygden.se\/projekt\/tillsammans-for-trodjean\/#primaryimage"},"thumbnailUrl":"https:\/\/leadergastrikebygden.se\/wp-content\/uploads\/sites\/35\/2026\/02\/20221004_103852-002-scaled.jpg","datePublished":"2026-02-05T07:59:53+00:00","dateModified":"2026-02-05T08:38:03+00:00","breadcrumb":{"@id":"https:\/\/leadergastrikebygden.se\/projekt\/tillsammans-for-trodjean\/#breadcrumb"},"inLanguage":"en-US","potentialAction":[{"@type":"ReadAction","target":["https:\/\/leadergastrikebygden.se\/projekt\/tillsammans-for-trodjean\/"]}]},{"@type":"ImageObject","inLanguage":"en-US","@id":"https:\/\/leadergastrikebygden.se\/projekt\/tillsammans-for-trodjean\/#primaryimage","url":"https:\/\/leadergastrikebygden.se\/wp-content\/uploads\/sites\/35\/2026\/02\/20221004_103852-002-scaled.jpg","contentUrl":"https:\/\/leadergastrikebygden.se\/wp-content\/uploads\/sites\/35\/2026\/02\/20221004_103852-002-scaled.jpg","width":2560,"height":1920},{"@type":"BreadcrumbList","@id":"https:\/\/leadergastrikebygden.se\/projekt\/tillsammans-for-trodjean\/#breadcrumb","itemListElement":[{"@type":"ListItem","position":1,"name":"Hem","item":"https:\/\/leadergastrikebygden.se\/"},{"@type":"ListItem","position":2,"name":"Tillsammans f\u00f6r Tr\u00f6dje\u00e5n"}]},{"@type":"WebSite","@id":"https:\/\/leadergastrikebygden.se\/#website","url":"https:\/\/leadergastrikebygden.se\/","name":"Leader Guest Village","description":"","potentialAction":[{"@type":"SearchAction","target":{"@type":"EntryPoint","urlTemplate":"https:\/\/leadergastrikebygden.se\/?s={search_term_string}"},"query-input":{"@type":"PropertyValueSpecification","valueRequired":true,"valueName":"search_term_string"}}],"inLanguage":"en-US"}]}},"_links":{"self":[{"href":"https:\/\/leadergastrikebygden.se\/en\/wp-json\/wp\/v2\/projekt\/10148","targetHints":{"allow":["GET"]}}],"collection":[{"href":"https:\/\/leadergastrikebygden.se\/en\/wp-json\/wp\/v2\/projekt"}],"about":[{"href":"https:\/\/leadergastrikebygden.se\/en\/wp-json\/wp\/v2\/types\/projekt"}],"version-history":[{"count":7,"href":"https:\/\/leadergastrikebygden.se\/en\/wp-json\/wp\/v2\/projekt\/10148\/revisions"}],"predecessor-version":[{"id":10158,"href":"https:\/\/leadergastrikebygden.se\/en\/wp-json\/wp\/v2\/projekt\/10148\/revisions\/10158"}],"wp:featuredmedia":[{"embeddable":true,"href":"https:\/\/leadergastrikebygden.se\/en\/wp-json\/wp\/v2\/media\/10146"}],"wp:attachment":[{"href":"https:\/\/leadergastrikebygden.se\/en\/wp-json\/wp\/v2\/media?parent=10148"}],"wp:term":[{"taxonomy":"sokbara_stod","embeddable":true,"href":"https:\/\/leadergastrikebygden.se\/en\/wp-json\/wp\/v2\/sokbara_stod?post=10148"},{"taxonomy":"projektstatus","embeddable":true,"href":"https:\/\/leadergastrikebygden.se\/en\/wp-json\/wp\/v2\/projektstatus?post=10148"},{"taxonomy":"plats_for_genomforande","embeddable":true,"href":"https:\/\/leadergastrikebygden.se\/en\/wp-json\/wp\/v2\/plats_for_genomforande?post=10148"},{"taxonomy":"insatsomrade","embeddable":true,"href":"https:\/\/leadergastrikebygden.se\/en\/wp-json\/wp\/v2\/insatsomrade?post=10148"},{"taxonomy":"temaomrade","embeddable":true,"href":"https:\/\/leadergastrikebygden.se\/en\/wp-json\/wp\/v2\/temaomrade?post=10148"},{"taxonomy":"projektagare","embeddable":true,"href":"https:\/\/leadergastrikebygden.se\/en\/wp-json\/wp\/v2\/projektagare?post=10148"},{"taxonomy":"projekttyp","embeddable":true,"href":"https:\/\/leadergastrikebygden.se\/en\/wp-json\/wp\/v2\/projekttyp?post=10148"},{"taxonomy":"programperiod","embeddable":true,"href":"https:\/\/leadergastrikebygden.se\/en\/wp-json\/wp\/v2\/programperiod?post=10148"},{"taxonomy":"genomforandear","embeddable":true,"href":"https:\/\/leadergastrikebygden.se\/en\/wp-json\/wp\/v2\/genomforandear?post=10148"}],"curies":[{"name":"wp","href":"https:\/\/api.w.org\/{rel}","templated":true}]}}