{"id":1307,"date":"2023-01-27T09:39:57","date_gmt":"2023-01-27T09:39:57","guid":{"rendered":"https:\/\/gastrikebygden.leadersverige.se\/?post_type=projekt&#038;p=1307"},"modified":"2024-11-07T13:47:20","modified_gmt":"2024-11-07T13:47:20","slug":"torsakershembygdsforening","status":"publish","type":"projekt","link":"https:\/\/leadergastrikebygden.se\/en\/projekt\/torsakershembygdsforening\/","title":{"rendered":"Tors\u00e5ker Local History Society"},"content":{"rendered":"<p>[et_pb_section fb_built=&#8221;1&#8243; _builder_version=&#8221;4.18.1&#8243; _module_preset=&#8221;default&#8221; custom_margin=&#8221;0px|0px|0px|0px|false|false&#8221; custom_padding=&#8221;0px|0px|0px|0px|false|false&#8221; locked=&#8221;off&#8221; global_colors_info=&#8221;{}&#8221; theme_builder_area=&#8221;post_content&#8221;][et_pb_row column_structure=&#8221;1_2,1_2&#8243; use_custom_gutter=&#8221;on&#8221; gutter_width=&#8221;1&#8243; make_equal=&#8221;on&#8221; _builder_version=&#8221;4.19.4&#8243; _module_preset=&#8221;default&#8221; width=&#8221;100%&#8221; max_width=&#8221;100%&#8221; custom_margin=&#8221;0px|0px|0px|0px|false|false&#8221; custom_padding=&#8221;0px|0px|0px|0px|false|false&#8221; global_colors_info=&#8221;{}&#8221; theme_builder_area=&#8221;post_content&#8221;][et_pb_column type=&#8221;1_2&#8243; _builder_version=&#8221;4.18.1&#8243; _module_preset=&#8221;default&#8221; background_color=&#8221;#4D5A31&#8243; background_image=&#8221;https:\/\/leadergastrikebygden.se\/wp-content\/uploads\/sites\/35\/2022\/12\/leaf.png&#8221; background_size=&#8221;custom&#8221; background_image_width=&#8221;300px&#8221; background_position=&#8221;bottom_left&#8221; background_horizontal_offset=&#8221;-100px&#8221; background_vertical_offset=&#8221;-350px&#8221; custom_padding=&#8221;120px|40px|120px|120px|false|false&#8221; custom_padding_tablet=&#8221;100px|40px|100px|80px|false|false&#8221; custom_padding_phone=&#8221;80px|40px|80px|40px|false|false&#8221; background_last_edited=&#8221;on|desktop&#8221; background_size_tablet=&#8221;custom&#8221; background_image_width_tablet=&#8221;220px&#8221; background_image_width_phone=&#8221;240px&#8221; background_position_tablet=&#8221;top_left&#8221; background_position_phone=&#8221;bottom_left&#8221; background_horizontal_offset_tablet=&#8221;-30px&#8221; background_horizontal_offset_phone=&#8221;-80px&#8221; background_vertical_offset_tablet=&#8221;220px&#8221; background_vertical_offset_phone=&#8221;-260px&#8221; global_colors_info=&#8221;{}&#8221; custom_css_main_element_last_edited=&#8221;off|desktop&#8221; theme_builder_area=&#8221;post_content&#8221;][et_pb_text _builder_version=&#8221;4.19.4&#8243; _module_preset=&#8221;default&#8221; header_font=&#8221;Oswald|500||on|||||&#8221; header_text_color=&#8221;#DDE5DA&#8221; header_font_size=&#8221;56px&#8221; max_width_tablet=&#8221;&#8221; max_width_phone=&#8221;&#8221; max_width_last_edited=&#8221;on|desktop&#8221; header_font_size_tablet=&#8221;52px&#8221; header_font_size_phone=&#8221;48px&#8221; global_colors_info=&#8221;{}&#8221; theme_builder_area=&#8221;post_content&#8221;]<\/p>\n<h1>Tors\u00e5kers Hembygdsf\u00f6rening<\/h1>\n<p>[\/et_pb_text][et_pb_text _builder_version=&#8221;4.27.0&#8243; _module_preset=&#8221;85ddcd9a-bba9-4dcd-9673-e023bb3f643a&#8221; max_width=&#8221;480px&#8221; custom_padding=&#8221;||3px|||&#8221; global_colors_info=&#8221;{}&#8221; theme_builder_area=&#8221;post_content&#8221;]<\/p>\n<p>F\u00f6r en \u00f6kad inkludering och m\u00e5ngfald samt f\u00f6rb\u00e4ttrat nyttjade av lokalerna vid Tors\u00e5kers Hembygdsg\u00e5rd.<\/p>\n<p>[\/et_pb_text][\/et_pb_column][et_pb_column type=&#8221;1_2&#8243; _builder_version=&#8221;4.19.4&#8243; _dynamic_attributes=&#8221;background_image&#8221; _module_preset=&#8221;default&#8221; background_color=&#8221;#A8C082&#8243; background_image=&#8221;@ET-DC@eyJkeW5hbWljIjp0cnVlLCJjb250ZW50IjoicG9zdF9mZWF0dXJlZF9pbWFnZSIsInNldHRpbmdzIjp7ImVuYWJsZV9odG1sIjoib2ZmIn19@&#8221; custom_padding=&#8221;0px|0px|0px|0px|false|false&#8221; custom_padding_last_edited=&#8221;off|desktop&#8221; global_colors_info=&#8221;{}&#8221; theme_builder_area=&#8221;post_content&#8221;][\/et_pb_column][\/et_pb_row][\/et_pb_section][et_pb_section fb_built=&#8221;1&#8243; custom_padding_last_edited=&#8221;on|tablet&#8221; _builder_version=&#8221;4.19.4&#8243; _module_preset=&#8221;default&#8221; custom_padding=&#8221;||0px||false|false&#8221; custom_padding_tablet=&#8221;0px||0px||false|false&#8221; custom_padding_phone=&#8221;0px||0px||false|false&#8221; locked=&#8221;off&#8221; global_colors_info=&#8221;{}&#8221; theme_builder_area=&#8221;post_content&#8221;][et_pb_row column_structure=&#8221;2_5,3_5&#8243; _builder_version=&#8221;4.19.4&#8243; _module_preset=&#8221;default&#8221; custom_padding=&#8221;||30px|||&#8221; global_colors_info=&#8221;{}&#8221; theme_builder_area=&#8221;post_content&#8221;][et_pb_column type=&#8221;2_5&#8243; _builder_version=&#8221;4.19.4&#8243; _module_preset=&#8221;default&#8221; global_colors_info=&#8221;{}&#8221; theme_builder_area=&#8221;post_content&#8221;][et_pb_text _builder_version=&#8221;4.19.4&#8243; _module_preset=&#8221;default&#8221; custom_padding=&#8221;||||false|false&#8221; global_colors_info=&#8221;{}&#8221; theme_builder_area=&#8221;post_content&#8221;]<\/p>\n<h2>Om projektet<\/h2>\n<p>[\/et_pb_text][\/et_pb_column][et_pb_column type=&#8221;3_5&#8243; _builder_version=&#8221;4.19.4&#8243; _module_preset=&#8221;default&#8221; custom_padding_tablet=&#8221;0px|30px|0px|30px|false|false&#8221; global_colors_info=&#8221;{}&#8221; theme_builder_area=&#8221;post_content&#8221;][et_pb_text _builder_version=&#8221;4.19.4&#8243; _module_preset=&#8221;default&#8221; global_colors_info=&#8221;{}&#8221; theme_builder_area=&#8221;post_content&#8221;]<\/p>\n<p>Projektet ska utveckla Tors\u00e5kers hembygdsg\u00e5rd till en gemensam m\u00f6tesplats f\u00f6r Tors\u00e5kersbygdens f\u00f6reningar och privatpersoner. I projektet ska en oisolerad tr\u00f6skloge iordningsst\u00e4llas till en ny samlingslokal med servering f\u00f6r \u00e5ret runt-verksamhet. Utsidan p\u00e5 tr\u00f6sklogen och byggnadens karakt\u00e4r ska bevaras, och del av insidan byggs om f\u00f6r att kunna ut\u00f6ka och vidareutveckla verksamheten med nya aktiviteter och \u00f6kad samverkan i bygden.\u00a0<\/p>\n<p>Ut\u00f6ver att bygga en ny servering och samlingslokal ska projektet ocks\u00e5 inreda en st\u00f6rre utst\u00e4llningslokal med plats f\u00f6r fler och nya utst\u00e4llningar p\u00e5 nederv\u00e5ningen av logen.<\/p>\n<p>Tors\u00e5kers hembygdsf\u00f6rening har bildat en referensgrupp som best\u00e5r av flera f\u00f6reningar i Tors\u00e5kersbygden. Hofors kommun finns med fr\u00e5n b\u00e5de kultur- och fritid och n\u00e4ringsliv i referensgruppen. Referensgruppen har funnits med i utformandet av projektet och kommer att vara involverad under hela projekttiden.\u00a0<\/p>\n<p>&nbsp;<\/p>\n<p>[\/et_pb_text][\/et_pb_column][\/et_pb_row][\/et_pb_section][et_pb_section fb_built=&#8221;1&#8243; custom_padding_last_edited=&#8221;on|tablet&#8221; _builder_version=&#8221;4.19.4&#8243; _module_preset=&#8221;default&#8221; custom_padding=&#8221;1px||0px||false|false&#8221; custom_padding_tablet=&#8221;0px||0px||false|false&#8221; custom_padding_phone=&#8221;0px||0px||false|false&#8221; locked=&#8221;off&#8221; global_colors_info=&#8221;{}&#8221; theme_builder_area=&#8221;post_content&#8221;][et_pb_row column_structure=&#8221;1_2,1_2&#8243; _builder_version=&#8221;4.19.4&#8243; _module_preset=&#8221;f5fa9002-e1ac-46a1-bbe6-abcf9e7f7c4e&#8221; background_color=&#8221;#0C4160&#8243; custom_css_main_element=&#8221;display: flex;&#8221; locked=&#8221;off&#8221; global_colors_info=&#8221;{}&#8221; custom_css_main_element_tablet=&#8221;display: block&#8221; theme_builder_area=&#8221;post_content&#8221;][et_pb_column type=&#8221;1_2&#8243; _builder_version=&#8221;4.18.1&#8243; _module_preset=&#8221;46324cd7-25ce-45c8-b351-a4d0778ffc36&#8243; custom_padding=&#8221;0px|0px|0px|0px|false|false&#8221; custom_padding_tablet=&#8221;0px|0px|0px|0px|false|false&#8221; custom_padding_phone=&#8221;0px|0px|30px|0px|false|false&#8221; custom_padding_last_edited=&#8221;on|phone&#8221; global_colors_info=&#8221;{}&#8221; theme_builder_area=&#8221;post_content&#8221;][et_pb_gallery gallery_ids=&#8221;3473&#8243; fullwidth=&#8221;on&#8221; _builder_version=&#8221;4.27.0&#8243; _module_preset=&#8221;default&#8221; title_text_color=&#8221;#FFFFFF&#8221; pagination_text_color=&#8221;#FFFFFF&#8221; global_colors_info=&#8221;{}&#8221; theme_builder_area=&#8221;post_content&#8221;][\/et_pb_gallery][\/et_pb_column][et_pb_column type=&#8221;1_2&#8243; _builder_version=&#8221;4.19.4&#8243; _module_preset=&#8221;46324cd7-25ce-45c8-b351-a4d0778ffc36&#8243; custom_padding=&#8221;40px|40px||40px|false|false&#8221; custom_padding_tablet=&#8221;30px|30px||30px|false|false&#8221; custom_padding_phone=&#8221;0px|0px||0px|false|false&#8221; custom_padding_last_edited=&#8221;on|phone&#8221; custom_css_main_element=&#8221;display: flex;||flex-direction: column;||justify-content: center;&#8221; global_colors_info=&#8221;{}&#8221; custom_css_main_element_tablet=&#8221;display: block;&#8221; custom_css_main_element_phone=&#8221;display: block;&#8221; theme_builder_area=&#8221;post_content&#8221;][et_pb_text _builder_version=&#8221;4.27.0&#8243; _module_preset=&#8221;85ddcd9a-bba9-4dcd-9673-e023bb3f643a&#8221; text_font=&#8221;Oswald|500||on|||||&#8221; text_font_size_tablet=&#8221;14px&#8221; text_font_size_phone=&#8221;12px&#8221; text_font_size_last_edited=&#8221;on|phone&#8221; global_colors_info=&#8221;{}&#8221; theme_builder_area=&#8221;post_content&#8221;]<\/p>\n<p>Ur ans\u00f6kan<\/p>\n<p>[\/et_pb_text][et_pb_text _builder_version=&#8221;4.19.4&#8243; _module_preset=&#8221;85ddcd9a-bba9-4dcd-9673-e023bb3f643a&#8221; global_colors_info=&#8221;{}&#8221; theme_builder_area=&#8221;post_content&#8221;]<\/p>\n<h3>\u201dDet finns ett behov i bygden av en m\u00f6tesplats d\u00e4r alla kan samlas.<\/h3>\n<h3>Detta projekt ger f\u00f6ruts\u00e4ttning<br \/>f\u00f6r f\u00f6reningar och privatpersoner i Tors\u00e5kersbygden till gemensamma<br \/>tillg\u00e4nglighetsanpassade lokaler f\u00f6r att m\u00f6tas, skapa nya samarbeten och utveckla sina verksamheter. \u201d<\/h3>\n<p>[\/et_pb_text][\/et_pb_column][\/et_pb_row][et_pb_row _builder_version=&#8221;4.27.0&#8243; _module_preset=&#8221;default&#8221; global_colors_info=&#8221;{}&#8221; theme_builder_area=&#8221;post_content&#8221;][et_pb_column type=&#8221;4_4&#8243; _builder_version=&#8221;4.27.0&#8243; _module_preset=&#8221;default&#8221; global_colors_info=&#8221;{}&#8221; theme_builder_area=&#8221;post_content&#8221;][et_pb_text _builder_version=&#8221;4.27.0&#8243; _module_preset=&#8221;default&#8221; global_colors_info=&#8221;{}&#8221; theme_builder_area=&#8221;post_content&#8221;]<\/p>\n<h3>Utsidan och insidan av tr\u00f6sklogen<\/h3>\n<p>[\/et_pb_text][\/et_pb_column][\/et_pb_row][\/et_pb_section][et_pb_section fb_built=&#8221;1&#8243; custom_padding_last_edited=&#8221;on|tablet&#8221; _builder_version=&#8221;4.19.4&#8243; _module_preset=&#8221;default&#8221; custom_padding=&#8221;||||false|false&#8221; custom_padding_tablet=&#8221;0px||||false|false&#8221; custom_padding_phone=&#8221;0px||||false|false&#8221; locked=&#8221;off&#8221; global_colors_info=&#8221;{}&#8221; theme_builder_area=&#8221;post_content&#8221;][et_pb_row column_structure=&#8221;1_2,1_2&#8243; make_equal=&#8221;on&#8221; _builder_version=&#8221;4.27.0&#8243; _module_preset=&#8221;default&#8221; custom_margin=&#8221;-90px|auto||auto||&#8221; global_colors_info=&#8221;{}&#8221; theme_builder_area=&#8221;post_content&#8221;][et_pb_column type=&#8221;1_2&#8243; _builder_version=&#8221;4.27.0&#8243; _module_preset=&#8221;default&#8221; global_colors_info=&#8221;{}&#8221; theme_builder_area=&#8221;post_content&#8221;][et_pb_image src=&#8221;https:\/\/leadergastrikebygden.se\/wp-content\/uploads\/sites\/35\/2023\/01\/DSC_9253.jpg&#8221; title_text=&#8221;DSC_9253&#8243; _builder_version=&#8221;4.27.0&#8243; _module_preset=&#8221;default&#8221; global_colors_info=&#8221;{}&#8221; theme_builder_area=&#8221;post_content&#8221;][\/et_pb_image][\/et_pb_column][et_pb_column type=&#8221;1_2&#8243; _builder_version=&#8221;4.27.0&#8243; _module_preset=&#8221;default&#8221; global_colors_info=&#8221;{}&#8221; theme_builder_area=&#8221;post_content&#8221;][et_pb_image src=&#8221;https:\/\/leadergastrikebygden.se\/wp-content\/uploads\/sites\/35\/2023\/01\/DSC_9262.jpg&#8221; title_text=&#8221;DSC_9262&#8243; _builder_version=&#8221;4.27.0&#8243; _module_preset=&#8221;default&#8221; global_colors_info=&#8221;{}&#8221; theme_builder_area=&#8221;post_content&#8221;][\/et_pb_image][\/et_pb_column][\/et_pb_row][et_pb_row column_structure=&#8221;1_2,1_2&#8243; _builder_version=&#8221;4.27.0&#8243; _module_preset=&#8221;f5fa9002-e1ac-46a1-bbe6-abcf9e7f7c4e&#8221; background_color=&#8221;#0C4160&#8243; custom_margin=&#8221;67px|auto|30px|auto|false|false&#8221; custom_css_main_element=&#8221;display: flex;&#8221; locked=&#8221;off&#8221; global_colors_info=&#8221;{}&#8221; custom_css_main_element_tablet=&#8221;display: block&#8221; theme_builder_area=&#8221;post_content&#8221;][et_pb_column type=&#8221;1_2&#8243; _builder_version=&#8221;4.19.4&#8243; _module_preset=&#8221;46324cd7-25ce-45c8-b351-a4d0778ffc36&#8243; custom_padding=&#8221;40px|40px||40px|false|false&#8221; custom_padding_tablet=&#8221;30px|30px||30px|false|false&#8221; custom_padding_phone=&#8221;0px|0px||0px|false|false&#8221; custom_padding_last_edited=&#8221;on|phone&#8221; custom_css_main_element=&#8221;display: flex;||flex-direction: column;||justify-content: center;&#8221; global_colors_info=&#8221;{}&#8221; custom_css_main_element_tablet=&#8221;display: block;&#8221; custom_css_main_element_phone=&#8221;display: block;&#8221; theme_builder_area=&#8221;post_content&#8221;][et_pb_text _builder_version=&#8221;4.27.0&#8243; _module_preset=&#8221;85ddcd9a-bba9-4dcd-9673-e023bb3f643a&#8221; global_colors_info=&#8221;{}&#8221; theme_builder_area=&#8221;post_content&#8221;]<\/p>\n<h4><\/h4>\n<h4>Syfte med projektet:<\/h4>\n<h3>Att skapa en ny inkluderande och funktionell m\u00f6tesplats f\u00f6r Tors\u00e5kersbygden<\/h3>\n<h4><\/h4>\n<h4>M\u00e5l med projektet:<\/h4>\n<h3>En ny \u00e5ret runt-servering med toalett och en st\u00f6rre utst\u00e4llningslokal. Projektet har ocks\u00e5 som m\u00e5l att skapa nya n\u00e4tverk och samarbeten. Det ska \u00e4ven genomf\u00f6ras en invigning av den nya m\u00f6tesplatsen och utst\u00e4llningslokalen.\u00a0<\/h3>\n<p>&nbsp;<\/p>\n<p>&nbsp;<\/p>\n<p>&nbsp;<\/p>\n<p>[\/et_pb_text][\/et_pb_column][et_pb_column type=&#8221;1_2&#8243; _builder_version=&#8221;4.18.1&#8243; _module_preset=&#8221;46324cd7-25ce-45c8-b351-a4d0778ffc36&#8243; custom_padding=&#8221;0px|0px|0px|0px|false|false&#8221; custom_padding_tablet=&#8221;0px|0px|0px|0px|false|false&#8221; custom_padding_phone=&#8221;0px|0px|30px|0px|false|false&#8221; custom_padding_last_edited=&#8221;on|phone&#8221; global_colors_info=&#8221;{}&#8221; theme_builder_area=&#8221;post_content&#8221;][et_pb_gallery gallery_ids=&#8221;3471&#8243; fullwidth=&#8221;on&#8221; _builder_version=&#8221;4.27.0&#8243; _module_preset=&#8221;default&#8221; title_text_color=&#8221;#FFFFFF&#8221; pagination_text_color=&#8221;#FFFFFF&#8221; global_colors_info=&#8221;{}&#8221; theme_builder_area=&#8221;post_content&#8221;][\/et_pb_gallery][\/et_pb_column][\/et_pb_row][\/et_pb_section][et_pb_section fb_built=&#8221;1&#8243; custom_padding_last_edited=&#8221;on|tablet&#8221; _builder_version=&#8221;4.19.4&#8243; _module_preset=&#8221;default&#8221; background_color=&#8221;#DDE5DA&#8221; custom_padding=&#8221;0px||0px||false|false&#8221; custom_padding_tablet=&#8221;0px||0px||false|false&#8221; custom_padding_phone=&#8221;0px||0px||false|false&#8221; locked=&#8221;off&#8221; global_colors_info=&#8221;{}&#8221; theme_builder_area=&#8221;post_content&#8221;][et_pb_row column_structure=&#8221;1_3,1_3,1_3&#8243; _builder_version=&#8221;4.19.4&#8243; _module_preset=&#8221;default&#8221; global_colors_info=&#8221;{}&#8221; theme_builder_area=&#8221;post_content&#8221;][et_pb_column type=&#8221;1_3&#8243; _builder_version=&#8221;4.19.4&#8243; _module_preset=&#8221;default&#8221; global_colors_info=&#8221;{}&#8221; theme_builder_area=&#8221;post_content&#8221;][et_pb_text _builder_version=&#8221;4.19.4&#8243; _module_preset=&#8221;c04db86c-e499-4427-86fb-2307eaad8705&#8243; text_font=&#8221;Oswald|500||on|||||&#8221; text_text_color=&#8221;#4D5A31&#8243; text_font_size_tablet=&#8221;14px&#8221; text_font_size_phone=&#8221;12px&#8221; text_font_size_last_edited=&#8221;on|phone&#8221; locked=&#8221;off&#8221; global_colors_info=&#8221;{}&#8221; theme_builder_area=&#8221;post_content&#8221;]<\/p>\n<p>Om projektet<\/p>\n<p>[\/et_pb_text][et_pb_text _builder_version=&#8221;4.27.0&#8243; _module_preset=&#8221;default&#8221; custom_margin=&#8221;20px||20px||false|false&#8221; global_colors_info=&#8221;{}&#8221; theme_builder_area=&#8221;post_content&#8221;]<\/p>\n<p><strong>Projektperiod<br \/><\/strong>Start h\u00f6sten 2024<\/p>\n<p>[\/et_pb_text][et_pb_text _builder_version=&#8221;4.19.4&#8243; _module_preset=&#8221;default&#8221; custom_margin=&#8221;20px||20px||false|false&#8221; custom_padding=&#8221;||2px|||&#8221; global_colors_info=&#8221;{}&#8221; theme_builder_area=&#8221;post_content&#8221;]<\/p>\n<p><strong>Projekt\u00e4gare<br \/><\/strong>Tors\u00e5kers Hembygdsf\u00f6rening<\/p>\n<p>[\/et_pb_text][et_pb_text _builder_version=&#8221;4.27.0&#8243; _module_preset=&#8221;default&#8221; custom_margin=&#8221;20px||20px||false|false&#8221; link_option_url=&#8221;https:\/\/www.torsakershembygdsforening.se\/&#8221; link_option_url_new_window=&#8221;on&#8221; global_colors_info=&#8221;{}&#8221; theme_builder_area=&#8221;post_content&#8221;]<\/p>\n<p><strong>Webb och sociala medier<br \/><\/strong>Tors\u00e5kers hembygdsf\u00f6renings Webbplats<\/p>\n<p>[\/et_pb_text][\/et_pb_column][et_pb_column type=&#8221;1_3&#8243; _builder_version=&#8221;4.19.4&#8243; _module_preset=&#8221;default&#8221; global_colors_info=&#8221;{}&#8221; theme_builder_area=&#8221;post_content&#8221;][et_pb_text _builder_version=&#8221;4.27.0&#8243; _module_preset=&#8221;c04db86c-e499-4427-86fb-2307eaad8705&#8243; text_font=&#8221;Oswald|500||on|||||&#8221; text_text_color=&#8221;#4D5A31&#8243; text_font_size_tablet=&#8221;14px&#8221; text_font_size_phone=&#8221;12px&#8221; text_font_size_last_edited=&#8221;on|phone&#8221; locked=&#8221;off&#8221; global_colors_info=&#8221;{}&#8221; theme_builder_area=&#8221;post_content&#8221;]<\/p>\n<p>Insatsomr\u00e5de<\/p>\n<p>[\/et_pb_text][et_pb_text _builder_version=&#8221;4.19.4&#8243; _module_preset=&#8221;default&#8221; custom_margin=&#8221;20px||20px||false|false&#8221; global_colors_info=&#8221;{}&#8221; theme_builder_area=&#8221;post_content&#8221;]<\/p>\n<p>St\u00e4rk Platsen!<\/p>\n<p>[\/et_pb_text][\/et_pb_column][et_pb_column type=&#8221;1_3&#8243; _builder_version=&#8221;4.19.4&#8243; _module_preset=&#8221;default&#8221; global_colors_info=&#8221;{}&#8221; theme_builder_area=&#8221;post_content&#8221;][et_pb_text _builder_version=&#8221;4.19.4&#8243; _module_preset=&#8221;c04db86c-e499-4427-86fb-2307eaad8705&#8243; text_font=&#8221;Oswald|500||on|||||&#8221; text_text_color=&#8221;#4D5A31&#8243; text_font_size_tablet=&#8221;14px&#8221; text_font_size_phone=&#8221;12px&#8221; text_font_size_last_edited=&#8221;on|phone&#8221; locked=&#8221;off&#8221; global_colors_info=&#8221;{}&#8221; theme_builder_area=&#8221;post_content&#8221;]<\/p>\n<p>Om finansiering<\/p>\n<p>[\/et_pb_text][et_pb_text _builder_version=&#8221;4.27.0&#8243; _module_preset=&#8221;default&#8221; custom_margin=&#8221;20px||20px||false|false&#8221; global_colors_info=&#8221;{}&#8221; theme_builder_area=&#8221;post_content&#8221;]<\/p>\n<p><strong>Beviljat leaderst\u00f6d<br \/><\/strong>1 089 100 kronor<\/p>\n<p>[\/et_pb_text][et_pb_text _builder_version=&#8221;4.27.0&#8243; _module_preset=&#8221;default&#8221; custom_margin=&#8221;20px||20px||false|false&#8221; global_colors_info=&#8221;{}&#8221; theme_builder_area=&#8221;post_content&#8221;]<\/p>\n<p><b>Medfinansiering fr\u00e5n Tors\u00e5kers Hembygdsf\u00f6rening<br \/><\/b>Privat finansiering 63 000 kronor samt ideell tid till ett v\u00e4rde av 309 400 kronor<\/p>\n<p>[\/et_pb_text][et_pb_text _builder_version=&#8221;4.27.0&#8243; _module_preset=&#8221;default&#8221; custom_margin=&#8221;20px||20px||false|false&#8221; global_colors_info=&#8221;{}&#8221; theme_builder_area=&#8221;post_content&#8221;]<\/p>\n<p><b>Total finansiering<br \/><\/b>1 152 100\u00a0kronor<\/p>\n<p>[\/et_pb_text][et_pb_text _builder_version=&#8221;4.27.0&#8243; _module_preset=&#8221;default&#8221; custom_margin=&#8221;20px||20px||false|false&#8221; global_colors_info=&#8221;{}&#8221; theme_builder_area=&#8221;post_content&#8221;]<\/p>\n<p>Leaderst\u00f6det best\u00e5r av finansiering fr\u00e5n EU samt G\u00e4striklands kommuner och Region G\u00e4vleborg.<\/p>\n<p>[\/et_pb_text][et_pb_text _builder_version=&#8221;4.19.4&#8243; _module_preset=&#8221;default&#8221; custom_margin=&#8221;20px||20px||false|false&#8221; global_colors_info=&#8221;{}&#8221; theme_builder_area=&#8221;post_content&#8221;]<\/p>\n<p><b>Ing\u00e5ende EU-medel har beviljats ur:<br \/><\/b>Landsbygdsfonden<\/p>\n<p>[\/et_pb_text][et_pb_image src=&#8221;https:\/\/leadergastrikebygden.se\/wp-content\/uploads\/sites\/35\/2022\/12\/Medfinansieras_BlaGul_350x300.png&#8221; title_text=&#8221;Medfinansieras_BlaGul_350x300&#8243; _builder_version=&#8221;4.19.4&#8243; _module_preset=&#8221;default&#8221; max_width=&#8221;120px&#8221; global_colors_info=&#8221;{}&#8221; theme_builder_area=&#8221;post_content&#8221;][\/et_pb_image][\/et_pb_column][\/et_pb_row][\/et_pb_section]<\/p>\n","protected":false},"excerpt":{"rendered":"<p>F\u00f6r en \u00f6kad inkludering och m\u00e5ngfald samt f\u00f6rb\u00e4ttrat nyttjade av lokalerna vid Tors\u00e5kers Hembygdsg\u00e5rd.<\/p>","protected":false},"featured_media":3472,"template":"","meta":{"_acf_changed":false,"_et_pb_use_builder":"on","_et_pb_old_content":"","_et_gb_content_width":"","_links_to":"","_links_to_target":""},"sokbara_stod":[28],"projektstatus":[27],"plats_for_genomforande":[29],"insatsomrade":[],"temaomrade":[],"projektagare":[],"projekttyp":[],"programperiod":[],"genomforandear":[],"class_list":["post-1307","projekt","type-projekt","status-publish","has-post-thumbnail","hentry","sokbara_stod-projektstod","projektstatus-pagaende","plats_for_genomforande-hofors-kommun"],"acf":[],"yoast_head":"<!-- This site is optimized with the Yoast SEO plugin v28.2 - https:\/\/yoast.com\/product\/yoast-seo-wordpress\/ -->\n<title>Tors\u00e5kers hembygdsf\u00f6rening - Leader G\u00e4strikebygden<\/title>\n<meta name=\"description\" content=\"F\u00f6r en \u00f6kad inkludering och m\u00e5ngfald samt f\u00f6rb\u00e4ttrat nyttjade av lokalerna vid Tors\u00e5kers Hembygdsg\u00e5rd.\" \/>\n<meta name=\"robots\" content=\"index, follow, max-snippet:-1, max-image-preview:large, max-video-preview:-1\" \/>\n<link rel=\"canonical\" href=\"https:\/\/leadergastrikebygden.se\/en\/projekt\/torsakershembygdsforening\/\" \/>\n<meta property=\"og:locale\" content=\"en_US\" \/>\n<meta property=\"og:type\" content=\"article\" \/>\n<meta property=\"og:title\" content=\"Tors\u00e5kers hembygdsf\u00f6rening - Leader G\u00e4strikebygden\" \/>\n<meta property=\"og:description\" content=\"F\u00f6r en \u00f6kad inkludering och m\u00e5ngfald samt f\u00f6rb\u00e4ttrat nyttjade av lokalerna vid Tors\u00e5kers Hembygdsg\u00e5rd.\" \/>\n<meta property=\"og:url\" content=\"https:\/\/leadergastrikebygden.se\/en\/projekt\/torsakershembygdsforening\/\" \/>\n<meta property=\"og:site_name\" content=\"Leader G\u00e4strikebygden\" \/>\n<meta property=\"article:modified_time\" content=\"2024-11-07T13:47:20+00:00\" \/>\n<meta property=\"og:image\" content=\"https:\/\/leadergastrikebygden.se\/wp-content\/uploads\/sites\/35\/2023\/01\/DSC_9253-1024x683.jpg\" \/>\n\t<meta property=\"og:image:width\" content=\"1024\" \/>\n\t<meta property=\"og:image:height\" content=\"683\" \/>\n\t<meta property=\"og:image:type\" content=\"image\/jpeg\" \/>\n<meta name=\"twitter:card\" content=\"summary_large_image\" \/>\n<meta name=\"twitter:label1\" content=\"Est. reading time\" \/>\n\t<meta name=\"twitter:data1\" content=\"2 minutes\" \/>\n<script type=\"application\/ld+json\" class=\"yoast-schema-graph\">{\"@context\":\"https:\\\/\\\/schema.org\",\"@graph\":[{\"@type\":\"WebPage\",\"@id\":\"https:\\\/\\\/leadergastrikebygden.se\\\/projekt\\\/torsakershembygdsforening\\\/\",\"url\":\"https:\\\/\\\/leadergastrikebygden.se\\\/projekt\\\/torsakershembygdsforening\\\/\",\"name\":\"Tors\u00e5kers hembygdsf\u00f6rening - Leader G\u00e4strikebygden\",\"isPartOf\":{\"@id\":\"https:\\\/\\\/leadergastrikebygden.se\\\/#website\"},\"primaryImageOfPage\":{\"@id\":\"https:\\\/\\\/leadergastrikebygden.se\\\/projekt\\\/torsakershembygdsforening\\\/#primaryimage\"},\"image\":{\"@id\":\"https:\\\/\\\/leadergastrikebygden.se\\\/projekt\\\/torsakershembygdsforening\\\/#primaryimage\"},\"thumbnailUrl\":\"https:\\\/\\\/leadergastrikebygden.se\\\/wp-content\\\/uploads\\\/sites\\\/35\\\/2023\\\/01\\\/DSC_9253.jpg\",\"datePublished\":\"2023-01-27T09:39:57+00:00\",\"dateModified\":\"2024-11-07T13:47:20+00:00\",\"description\":\"F\u00f6r en \u00f6kad inkludering och m\u00e5ngfald samt f\u00f6rb\u00e4ttrat nyttjade av lokalerna vid Tors\u00e5kers Hembygdsg\u00e5rd.\",\"breadcrumb\":{\"@id\":\"https:\\\/\\\/leadergastrikebygden.se\\\/projekt\\\/torsakershembygdsforening\\\/#breadcrumb\"},\"inLanguage\":\"en-US\",\"potentialAction\":[{\"@type\":\"ReadAction\",\"target\":[\"https:\\\/\\\/leadergastrikebygden.se\\\/projekt\\\/torsakershembygdsforening\\\/\"]}]},{\"@type\":\"ImageObject\",\"inLanguage\":\"en-US\",\"@id\":\"https:\\\/\\\/leadergastrikebygden.se\\\/projekt\\\/torsakershembygdsforening\\\/#primaryimage\",\"url\":\"https:\\\/\\\/leadergastrikebygden.se\\\/wp-content\\\/uploads\\\/sites\\\/35\\\/2023\\\/01\\\/DSC_9253.jpg\",\"contentUrl\":\"https:\\\/\\\/leadergastrikebygden.se\\\/wp-content\\\/uploads\\\/sites\\\/35\\\/2023\\\/01\\\/DSC_9253.jpg\",\"width\":2250,\"height\":1500,\"caption\":\"Tors\u00e5kers Hembygdsf\u00f6rening Tr\u00f6skloge\"},{\"@type\":\"BreadcrumbList\",\"@id\":\"https:\\\/\\\/leadergastrikebygden.se\\\/projekt\\\/torsakershembygdsforening\\\/#breadcrumb\",\"itemListElement\":[{\"@type\":\"ListItem\",\"position\":1,\"name\":\"Hem\",\"item\":\"https:\\\/\\\/leadergastrikebygden.se\\\/\"},{\"@type\":\"ListItem\",\"position\":2,\"name\":\"Tors\u00e5kers hembygdsf\u00f6rening\"}]},{\"@type\":\"WebSite\",\"@id\":\"https:\\\/\\\/leadergastrikebygden.se\\\/#website\",\"url\":\"https:\\\/\\\/leadergastrikebygden.se\\\/\",\"name\":\"Leader G\u00e4strikebygden\",\"description\":\"\",\"potentialAction\":[{\"@type\":\"SearchAction\",\"target\":{\"@type\":\"EntryPoint\",\"urlTemplate\":\"https:\\\/\\\/leadergastrikebygden.se\\\/?s={search_term_string}\"},\"query-input\":{\"@type\":\"PropertyValueSpecification\",\"valueRequired\":true,\"valueName\":\"search_term_string\"}}],\"inLanguage\":\"en-US\"}]}<\/script>\n<!-- \/ Yoast SEO plugin. -->","yoast_head_json":{"title":"Tors\u00e5kers hembygdsf\u00f6rening - Leader G\u00e4strikebygden","description":"F\u00f6r en \u00f6kad inkludering och m\u00e5ngfald samt f\u00f6rb\u00e4ttrat nyttjade av lokalerna vid Tors\u00e5kers Hembygdsg\u00e5rd.","robots":{"index":"index","follow":"follow","max-snippet":"max-snippet:-1","max-image-preview":"max-image-preview:large","max-video-preview":"max-video-preview:-1"},"canonical":"https:\/\/leadergastrikebygden.se\/en\/projekt\/torsakershembygdsforening\/","og_locale":"en_US","og_type":"article","og_title":"Tors\u00e5kers hembygdsf\u00f6rening - Leader G\u00e4strikebygden","og_description":"F\u00f6r en \u00f6kad inkludering och m\u00e5ngfald samt f\u00f6rb\u00e4ttrat nyttjade av lokalerna vid Tors\u00e5kers Hembygdsg\u00e5rd.","og_url":"https:\/\/leadergastrikebygden.se\/en\/projekt\/torsakershembygdsforening\/","og_site_name":"Leader G\u00e4strikebygden","article_modified_time":"2024-11-07T13:47:20+00:00","og_image":[{"width":1024,"height":683,"url":"https:\/\/leadergastrikebygden.se\/wp-content\/uploads\/sites\/35\/2023\/01\/DSC_9253-1024x683.jpg","type":"image\/jpeg"}],"twitter_card":"summary_large_image","twitter_misc":{"Est. reading time":"2 minutes"},"schema":{"@context":"https:\/\/schema.org","@graph":[{"@type":"WebPage","@id":"https:\/\/leadergastrikebygden.se\/projekt\/torsakershembygdsforening\/","url":"https:\/\/leadergastrikebygden.se\/projekt\/torsakershembygdsforening\/","name":"Tors\u00e5kers hembygdsf\u00f6rening - Leader G\u00e4strikebygden","isPartOf":{"@id":"https:\/\/leadergastrikebygden.se\/#website"},"primaryImageOfPage":{"@id":"https:\/\/leadergastrikebygden.se\/projekt\/torsakershembygdsforening\/#primaryimage"},"image":{"@id":"https:\/\/leadergastrikebygden.se\/projekt\/torsakershembygdsforening\/#primaryimage"},"thumbnailUrl":"https:\/\/leadergastrikebygden.se\/wp-content\/uploads\/sites\/35\/2023\/01\/DSC_9253.jpg","datePublished":"2023-01-27T09:39:57+00:00","dateModified":"2024-11-07T13:47:20+00:00","description":"F\u00f6r en \u00f6kad inkludering och m\u00e5ngfald samt f\u00f6rb\u00e4ttrat nyttjade av lokalerna vid Tors\u00e5kers Hembygdsg\u00e5rd.","breadcrumb":{"@id":"https:\/\/leadergastrikebygden.se\/projekt\/torsakershembygdsforening\/#breadcrumb"},"inLanguage":"en-US","potentialAction":[{"@type":"ReadAction","target":["https:\/\/leadergastrikebygden.se\/projekt\/torsakershembygdsforening\/"]}]},{"@type":"ImageObject","inLanguage":"en-US","@id":"https:\/\/leadergastrikebygden.se\/projekt\/torsakershembygdsforening\/#primaryimage","url":"https:\/\/leadergastrikebygden.se\/wp-content\/uploads\/sites\/35\/2023\/01\/DSC_9253.jpg","contentUrl":"https:\/\/leadergastrikebygden.se\/wp-content\/uploads\/sites\/35\/2023\/01\/DSC_9253.jpg","width":2250,"height":1500,"caption":"Tors\u00e5kers Hembygdsf\u00f6rening Tr\u00f6skloge"},{"@type":"BreadcrumbList","@id":"https:\/\/leadergastrikebygden.se\/projekt\/torsakershembygdsforening\/#breadcrumb","itemListElement":[{"@type":"ListItem","position":1,"name":"Hem","item":"https:\/\/leadergastrikebygden.se\/"},{"@type":"ListItem","position":2,"name":"Tors\u00e5kers hembygdsf\u00f6rening"}]},{"@type":"WebSite","@id":"https:\/\/leadergastrikebygden.se\/#website","url":"https:\/\/leadergastrikebygden.se\/","name":"Leader Guest Village","description":"","potentialAction":[{"@type":"SearchAction","target":{"@type":"EntryPoint","urlTemplate":"https:\/\/leadergastrikebygden.se\/?s={search_term_string}"},"query-input":{"@type":"PropertyValueSpecification","valueRequired":true,"valueName":"search_term_string"}}],"inLanguage":"en-US"}]}},"_links":{"self":[{"href":"https:\/\/leadergastrikebygden.se\/en\/wp-json\/wp\/v2\/projekt\/1307","targetHints":{"allow":["GET"]}}],"collection":[{"href":"https:\/\/leadergastrikebygden.se\/en\/wp-json\/wp\/v2\/projekt"}],"about":[{"href":"https:\/\/leadergastrikebygden.se\/en\/wp-json\/wp\/v2\/types\/projekt"}],"version-history":[{"count":33,"href":"https:\/\/leadergastrikebygden.se\/en\/wp-json\/wp\/v2\/projekt\/1307\/revisions"}],"predecessor-version":[{"id":3494,"href":"https:\/\/leadergastrikebygden.se\/en\/wp-json\/wp\/v2\/projekt\/1307\/revisions\/3494"}],"wp:featuredmedia":[{"embeddable":true,"href":"https:\/\/leadergastrikebygden.se\/en\/wp-json\/wp\/v2\/media\/3472"}],"wp:attachment":[{"href":"https:\/\/leadergastrikebygden.se\/en\/wp-json\/wp\/v2\/media?parent=1307"}],"wp:term":[{"taxonomy":"sokbara_stod","embeddable":true,"href":"https:\/\/leadergastrikebygden.se\/en\/wp-json\/wp\/v2\/sokbara_stod?post=1307"},{"taxonomy":"projektstatus","embeddable":true,"href":"https:\/\/leadergastrikebygden.se\/en\/wp-json\/wp\/v2\/projektstatus?post=1307"},{"taxonomy":"plats_for_genomforande","embeddable":true,"href":"https:\/\/leadergastrikebygden.se\/en\/wp-json\/wp\/v2\/plats_for_genomforande?post=1307"},{"taxonomy":"insatsomrade","embeddable":true,"href":"https:\/\/leadergastrikebygden.se\/en\/wp-json\/wp\/v2\/insatsomrade?post=1307"},{"taxonomy":"temaomrade","embeddable":true,"href":"https:\/\/leadergastrikebygden.se\/en\/wp-json\/wp\/v2\/temaomrade?post=1307"},{"taxonomy":"projektagare","embeddable":true,"href":"https:\/\/leadergastrikebygden.se\/en\/wp-json\/wp\/v2\/projektagare?post=1307"},{"taxonomy":"projekttyp","embeddable":true,"href":"https:\/\/leadergastrikebygden.se\/en\/wp-json\/wp\/v2\/projekttyp?post=1307"},{"taxonomy":"programperiod","embeddable":true,"href":"https:\/\/leadergastrikebygden.se\/en\/wp-json\/wp\/v2\/programperiod?post=1307"},{"taxonomy":"genomforandear","embeddable":true,"href":"https:\/\/leadergastrikebygden.se\/en\/wp-json\/wp\/v2\/genomforandear?post=1307"}],"curies":[{"name":"wp","href":"https:\/\/api.w.org\/{rel}","templated":true}]}}